{"id":351,"date":"2013-06-12T10:12:21","date_gmt":"2013-06-12T08:12:21","guid":{"rendered":"http:\/\/www.granulati.it\/it\/?page_id=351"},"modified":"2026-03-31T12:34:14","modified_gmt":"2026-03-31T10:34:14","slug":"lastre","status":"publish","type":"page","link":"https:\/\/www.granulati.it\/it\/prodotti\/pavimenti-in-pietra-naturale\/lastre\/","title":{"rendered":"Lastre"},"content":{"rendered":"<div id=\"pl-351\"  class=\"panel-layout\" ><div id=\"pg-351-0\"  class=\"panel-grid panel-no-style\" ><div id=\"pgc-351-0-0\"  class=\"panel-grid-cell\" ><div id=\"panel-351-0-0-0\" class=\"so-panel widget widget_sow-editor panel-first-child\" data-index=\"0\" ><div\n\t\t\t\n\t\t\tclass=\"so-widget-sow-editor so-widget-sow-editor-base\"\n\t\t\t\n\t\t>\n<div class=\"siteorigin-widget-tinymce textwidget\">\n\t<div style=\"background-color: #006785; height: 50px;\">\n<h1 style=\"padding-top: 10px;\"><span style=\"color: white;\">LASTRE IN PIETRA<\/span><\/h1>\n<\/div>\n<\/div>\n<\/div><\/div><div id=\"panel-351-0-0-1\" class=\"so-panel widget widget_text panel-last-child\" data-index=\"1\" >\t\t\t<div class=\"textwidget\"><p>Una linea completa di <strong>lastre in pietra<\/strong>, personalizzabili secondo i gusti e le esigenze del cliente. La pietra infatti \u00e8 un materiale dalle mille qualit\u00e0: \u00e8 un prodotto incorruttibile dal tempo e dagli agenti atmosferici, inattaccabile da acidi, basi e solventi, resistente all&#8217;urto e all&#8217;abrasione, non geliva e insensibile all&#8217;azione dei raggi UV. Le nostre <strong>lastre in pietra<\/strong>, realizzate con aggregati lapidei di varia natura come il calcare, il travertino, il quarzo, il granito, il porfido ed il marmo, offrono infinite possibilit\u00e0 di composizioni cromatiche ed estetiche, adattandosi alla perfezione a tutte le soluzioni progettuali, anche quelle pi\u00f9 sofisticate. I prodotti sono disponibili in diversi formati, ideali per le diverse destinazioni d\u2019uso. La finitura superficiale delle nostre lastre di pietra \u00e8 anch&#8217;essa variabile.<\/p>\n<\/div>\n\t\t<\/div><\/div><\/div><div id=\"pg-351-1\"  class=\"panel-grid panel-has-style\" ><div class=\"panel-row-style panel-row-style-for-351-1\" ><div id=\"pgc-351-1-0\"  class=\"panel-grid-cell\" ><div id=\"panel-351-1-0-0\" class=\"so-panel widget widget_text panel-first-child panel-last-child\" data-index=\"2\" ><div class=\"panel-widget-style panel-widget-style-for-351-1-0-0\" >\t\t\t<div class=\"textwidget\"><h1 style=\"font-size: 25px; color: #006785;\"><strong>Lastre in arenaria &#8211; finitura naturale<\/strong><br \/>\nCOSTE TRANCIATE<\/p>\n<\/h1>\n<\/div>\n\t\t<\/div><\/div><\/div><\/div><\/div><div id=\"pg-351-2\"  class=\"panel-grid panel-no-style\" ><div id=\"pgc-351-2-0\"  class=\"panel-grid-cell\" ><div id=\"panel-351-2-0-0\" class=\"so-panel widget widget_text panel-first-child panel-last-child\" data-index=\"3\" >\t\t\t<div class=\"textwidget\"><p><a href=\"https:\/\/www.granulati.it\/wp-content\/uploads\/2013\/11\/EVID-Autumn-Grey-3-quarti-0022.jpg\"><img class=\"colorbox-351\"  src=\"https:\/\/www.granulati.it\/wp-content\/uploads\/2013\/11\/EVID-Autumn-Grey-3-quarti-0022.jpg\" \/><\/a><\/p>\n<h5 style=\"font-size: 15px; color: #006785;\">AUTUMN GREY<\/h5>\n<hr \/>\n<p>20 x 40 x H 2,2 cm calibrato<br \/>\n30 x 60 x H 2,2 cm calibrato<br \/>\n40 x 60 x H 2,2 cm calibrato<br \/>\n60 x 90 x H 2,2 cm calibrato<br \/>\n20 x 40 x H 2,5-3,5 cm<br \/>\n30 x 60 x H 2,5-3,5 cm<br \/>\n40 x 60 x H 2,5-3,5 cm<br \/>\n60 x 90 x H 2,5-3,5 cm<\/p>\n<\/div>\n\t\t<\/div><\/div><div id=\"pgc-351-2-1\"  class=\"panel-grid-cell\" ><div id=\"panel-351-2-1-0\" class=\"so-panel widget widget_text panel-first-child panel-last-child\" data-index=\"4\" >\t\t\t<div class=\"textwidget\"><p><a href=\"https:\/\/www.granulati.it\/wp-content\/uploads\/2013\/11\/lastre-in-arenaria.jpg\"><img class=\"colorbox-351\"  src=\"https:\/\/www.granulati.it\/wp-content\/uploads\/2013\/11\/lastre-in-arenaria.jpg\" \/><\/a><\/p>\n<h5 style=\"font-size: 15px; color: #006785;\">GOLDEN LEAF<\/h5>\n<hr \/>\n<p>20 x 40 cm h 2,5-4 cm<br \/>\n30 x 60 cm h 2,5-4 cm<br \/>\n40 x 60 cm h 2,2 calibrated cm<br \/>\n60 x 90 cm h 2,5-4 cm<\/p>\n<\/div>\n\t\t<\/div><\/div><div id=\"pgc-351-2-2\"  class=\"panel-grid-cell\" ><div id=\"panel-351-2-2-0\" class=\"so-panel widget widget_text panel-first-child panel-last-child\" data-index=\"5\" >\t\t\t<div class=\"textwidget\"><p><a href=\"https:\/\/www.granulati.it\/wp-content\/uploads\/2013\/11\/EVID-Modak-3-quarti-0020.jpg\"><img class=\"colorbox-351\"  src=\"https:\/\/www.granulati.it\/wp-content\/uploads\/2013\/11\/EVID-Modak-3-quarti-0020.jpg\" \/><\/a><\/p>\n<h5 style=\"font-size: 15px; color: #006785;\">MODAK<\/h5>\n<hr \/>\n<p>20 x 40 cm h 2,5-4 cm<br \/>\n30 x 60 cm h 2,5-4 cm<br \/>\n40 x 60 cm h 2,5-4 cm<br \/>\n60 x 90 cm h 2,5-4 cm<\/p>\n<\/div>\n\t\t<\/div><\/div><div id=\"pgc-351-2-3\"  class=\"panel-grid-cell\" ><div id=\"panel-351-2-3-0\" class=\"so-panel widget widget_text panel-first-child panel-last-child\" data-index=\"6\" >\t\t\t<div class=\"textwidget\"><p><a href=\"https:\/\/www.granulati.it\/wp-content\/uploads\/2013\/11\/lastre-in-arenaria-granulati.jpg\"><img class=\"colorbox-351\"  src=\"https:\/\/www.granulati.it\/wp-content\/uploads\/2013\/11\/lastre-in-arenaria-granulati.jpg\" \/><\/a><\/p>\n<h5 style=\"font-size: 15px; color: #006785;\">MINT<\/h5>\n<hr \/>\n<p>20 x 40 cm h 2,5-4 cm<br \/>\n30 x 60 cm h 2,2 cm calibrated<br \/>\n40 x 60 cm h 2,2 cm calibrated<br \/>\n60 x 90 cm h 2,2 cm calibrated<\/p>\n<\/div>\n\t\t<\/div><\/div><\/div><div id=\"pg-351-3\"  class=\"panel-grid panel-has-style\" ><div class=\"panel-row-style panel-row-style-for-351-3\" ><div id=\"pgc-351-3-0\"  class=\"panel-grid-cell\" ><div id=\"panel-351-3-0-0\" class=\"so-panel widget widget_text panel-first-child panel-last-child\" data-index=\"7\" ><div class=\"panel-widget-style panel-widget-style-for-351-3-0-0\" >\t\t\t<div class=\"textwidget\"><h1 style=\"font-size: 25px; color: #006785;\"><strong>Lastre in calcare \u2013 finitura naturale<\/strong><br \/>\nCOSTE TRANCIATE<\/p>\n<\/h1>\n<\/div>\n\t\t<\/div><\/div><\/div><\/div><\/div><div id=\"pg-351-4\"  class=\"panel-grid panel-no-style\" ><div id=\"pgc-351-4-0\"  class=\"panel-grid-cell\" ><div id=\"panel-351-4-0-0\" class=\"so-panel widget widget_text panel-first-child panel-last-child\" data-index=\"8\" >\t\t\t<div class=\"textwidget\"><p><a href=\"https:\/\/www.granulati.it\/wp-content\/uploads\/2013\/11\/lastre-in-calcare-pavimentazione.jpg\"><img class=\"colorbox-351\"  src=\"https:\/\/www.granulati.it\/wp-content\/uploads\/2013\/11\/lastre-in-calcare-pavimentazione.jpg\" \/><\/a><\/p>\n<h5 style=\"font-size: 15px; color: #006785;\">TANDUR GREY<\/h5>\n<hr \/>\n<p>30 x 60 x H 2,2 cm calibrato<\/p>\n<\/div>\n\t\t<\/div><\/div><div id=\"pgc-351-4-1\"  class=\"panel-grid-cell\" ><div id=\"panel-351-4-1-0\" class=\"so-panel widget widget_text panel-first-child panel-last-child\" data-index=\"9\" >\t\t\t<div class=\"textwidget\"><p><a href=\"http:\/\/www.granulati.it\/wp-content\/uploads\/2022\/06\/tandur-yellow.jpg\"><img class=\"colorbox-351\"  src=\"http:\/\/www.granulati.it\/wp-content\/uploads\/2022\/06\/tandur-yellow.jpg\" \/><\/a><\/p>\n<h5 style=\"font-size: 15px; color: #006785;\">TANDUR YELLOW<\/h5>\n<hr \/>\n<p>20 x 40 x H (2,5-3,5) cm<br \/>\n30 x 60 x H 2,2 cm calibrato<br \/>\n40 x 60 x H 2,2 cm calibrato<br \/>\nSuperficie ruvida, elevata variazione cromatica<\/p>\n<\/div>\n\t\t<\/div><\/div><div id=\"pgc-351-4-2\"  class=\"panel-grid-cell\" ><div id=\"panel-351-4-2-0\" class=\"so-panel widget widget_text panel-first-child panel-last-child\" data-index=\"10\" >\t\t\t<div class=\"textwidget\"><p><a href=\"http:\/\/www.granulati.it\/wp-content\/uploads\/2022\/06\/kota-yellow.jpg\"><img class=\"colorbox-351\"  src=\"http:\/\/www.granulati.it\/wp-content\/uploads\/2022\/06\/kota-yellow.jpg\" \/><\/a><\/p>\n<h5 style=\"font-size: 15px; color: #006785;\">KOTA YELLOW<\/h5>\n<hr \/>\n<p>30 x 60 x H 2,2 cm calibrato<\/p>\n<\/div>\n\t\t<\/div><\/div><div id=\"pgc-351-4-3\"  class=\"panel-grid-cell\" ><div id=\"panel-351-4-3-0\" class=\"so-panel widget widget_text panel-first-child panel-last-child\" data-index=\"11\" >\t\t\t<div class=\"textwidget\"><p><a href=\"https:\/\/www.granulati.it\/wp-content\/uploads\/2013\/11\/lastre-in-calcare-nero-pavimentazione.jpg\"><img class=\"colorbox-351\"  src=\"https:\/\/www.granulati.it\/wp-content\/uploads\/2013\/11\/lastre-in-calcare-nero-pavimentazione.jpg\" \/><\/a><\/p>\n<h5 style=\"font-size: 15px; color: #006785;\">NERO ASSOLUTO<\/h5>\n<hr \/>\n<p>30 x 60 x H 2,2 cm calibrated<br \/>\n40 x 60 x H 2,2 cm calibrated<br \/>\n60 x 90 x H 2,2 cm calibrated<br \/>\nProdotto da trattare per garantire una efficace protezione dagli effetti dei raggi solari.<\/p>\n<\/div>\n\t\t<\/div><\/div><\/div><div id=\"pg-351-5\"  class=\"panel-grid panel-has-style\" ><div class=\"panel-row-style panel-row-style-for-351-5\" ><div id=\"pgc-351-5-0\"  class=\"panel-grid-cell\" ><div id=\"panel-351-5-0-0\" class=\"so-panel widget widget_text panel-first-child panel-last-child\" data-index=\"12\" ><div class=\"panel-widget-style panel-widget-style-for-351-5-0-0\" >\t\t\t<div class=\"textwidget\"><h1 style=\"font-size: 25px; color: #006785;\">COSTE SEGATE<\/p>\n<\/h1>\n<\/div>\n\t\t<\/div><\/div><\/div><\/div><\/div><div id=\"pg-351-6\"  class=\"panel-grid panel-no-style\" ><div id=\"pgc-351-6-0\"  class=\"panel-grid-cell\" ><div id=\"panel-351-6-0-0\" class=\"so-panel widget widget_text panel-first-child panel-last-child\" data-index=\"13\" >\t\t\t<div class=\"textwidget\"><p><a href=\"https:\/\/www.granulati.it\/wp-content\/uploads\/2013\/11\/lastra-in-calcare.jpg\"><img class=\"colorbox-351\"  src=\"https:\/\/www.granulati.it\/wp-content\/uploads\/2013\/11\/lastra-in-calcare.jpg\" \/><\/a><\/p>\n<h5 style=\"font-size: 15px; color: #006785;\">KOTA BLUE<\/h5>\n<hr \/>\n<p>40 x 60 x H 1,2 cm calibrato<\/p>\n<\/div>\n\t\t<\/div><\/div><div id=\"pgc-351-6-1\"  class=\"panel-grid-cell panel-grid-cell-empty\" ><\/div><div id=\"pgc-351-6-2\"  class=\"panel-grid-cell panel-grid-cell-empty panel-grid-cell-mobile-last\" ><\/div><div id=\"pgc-351-6-3\"  class=\"panel-grid-cell panel-grid-cell-empty\" ><\/div><\/div><div id=\"pg-351-7\"  class=\"panel-grid panel-has-style\" ><div class=\"panel-row-style panel-row-style-for-351-7\" ><div id=\"pgc-351-7-0\"  class=\"panel-grid-cell\" ><div id=\"panel-351-7-0-0\" class=\"so-panel widget widget_text panel-first-child panel-last-child\" data-index=\"14\" ><div class=\"panel-widget-style panel-widget-style-for-351-7-0-0\" >\t\t\t<div class=\"textwidget\"><h1 style=\"font-size: 25px; color: #006785;\"><strong>Lastre in calcare \u2013 finitura anticata<\/strong><br \/>\nCOSTE TRANCIATE<\/p>\n<\/h1>\n<\/div>\n\t\t<\/div><\/div><\/div><\/div><\/div><div id=\"pg-351-8\"  class=\"panel-grid panel-no-style\" ><div id=\"pgc-351-8-0\"  class=\"panel-grid-cell\" ><div id=\"panel-351-8-0-0\" class=\"so-panel widget widget_text panel-first-child panel-last-child\" data-index=\"15\" >\t\t\t<div class=\"textwidget\"><p><a href=\"http:\/\/www.granulati.it\/wp-content\/uploads\/2025\/01\/kotayellow-300x175.jpg\"><img loading=\"lazy\" class=\"alignnone size-medium wp-image-79514 colorbox-351\" src=\"http:\/\/www.granulati.it\/wp-content\/uploads\/2025\/01\/kotayellow-300x175.jpg\" alt=\"\" width=\"300\" height=\"175\" srcset=\"https:\/\/www.granulati.it\/wp-content\/uploads\/2025\/01\/kotayellow-300x175.jpg 300w, https:\/\/www.granulati.it\/wp-content\/uploads\/2025\/01\/kotayellow-1024x596.jpg 1024w, https:\/\/www.granulati.it\/wp-content\/uploads\/2025\/01\/kotayellow-86x50.jpg 86w, https:\/\/www.granulati.it\/wp-content\/uploads\/2025\/01\/kotayellow-768x447.jpg 768w, https:\/\/www.granulati.it\/wp-content\/uploads\/2025\/01\/kotayellow.jpg 1127w\" sizes=\"(max-width: 300px) 100vw, 300px\" \/><\/a><\/p>\n<h5 style=\"font-size: 15px; color: #006785;\">KOTA YELLOW<\/h5>\n<hr \/>\n<p>20 x 20 x H 2,2 cm calibrato<br \/>\n20 x 40 x H 2,2 cm calibrato<br \/>\n40 x 40 x H 2,2 cm calibrato<br \/>\n40 x 60 x H 2,2 cm calibrato<\/p>\n<\/div>\n\t\t<\/div><\/div><div id=\"pgc-351-8-1\"  class=\"panel-grid-cell\" ><div id=\"panel-351-8-1-0\" class=\"so-panel widget widget_text panel-first-child panel-last-child\" data-index=\"16\" >\t\t\t<div class=\"textwidget\"><p><a href=\"https:\/\/www.granulati.it\/wp-content\/uploads\/2022\/06\/tandur-yellow.jpg\"><img class=\"colorbox-351\"  src=\"https:\/\/www.granulati.it\/wp-content\/uploads\/2022\/06\/tandur-yellow.jpg\" \/><\/a><\/p>\n<h5 style=\"font-size: 15px; color: #006785;\">TANDUR YELLOW<\/h5>\n<hr \/>\n<p>30 x 60 x H 2,2 cm calibrato<br \/>\nElevata variazione cromatica.<\/p>\n<\/div>\n\t\t<\/div><\/div><div id=\"pgc-351-8-2\"  class=\"panel-grid-cell panel-grid-cell-empty panel-grid-cell-mobile-last\" ><\/div><div id=\"pgc-351-8-3\"  class=\"panel-grid-cell panel-grid-cell-empty\" ><\/div><\/div><div id=\"pg-351-9\"  class=\"panel-grid panel-has-style\" ><div class=\"panel-row-style panel-row-style-for-351-9\" ><div id=\"pgc-351-9-0\"  class=\"panel-grid-cell\" ><div id=\"panel-351-9-0-0\" class=\"so-panel widget widget_text panel-first-child panel-last-child\" data-index=\"17\" ><div class=\"panel-widget-style panel-widget-style-for-351-9-0-0\" >\t\t\t<div class=\"textwidget\"><h1 style=\"font-size: 25px; color: #006785;\"><strong>Lastre in ardesia brasiliana \u2013 finitura naturale<\/strong><br \/>\nCOSTE SEGATE<\/p>\n<\/h1>\n<\/div>\n\t\t<\/div><\/div><\/div><\/div><\/div><div id=\"pg-351-10\"  class=\"panel-grid panel-no-style\" ><div id=\"pgc-351-10-0\"  class=\"panel-grid-cell\" ><div id=\"panel-351-10-0-0\" class=\"so-panel widget widget_text panel-first-child panel-last-child\" data-index=\"18\" >\t\t\t<div class=\"textwidget\"><p><a href=\"https:\/\/www.granulati.it\/wp-content\/uploads\/2013\/11\/lastre-in-ardesia.jpg\"><img class=\"colorbox-351\"  src=\"https:\/\/www.granulati.it\/wp-content\/uploads\/2013\/11\/lastre-in-ardesia.jpg\" \/><\/a><\/p>\n<h5 style=\"font-size: 15px; color: #006785;\">ARDESIA NERA<\/h5>\n<hr \/>\n<p>30 x 60 x H 1 cm calibrato<\/p>\n<\/div>\n\t\t<\/div><\/div><div id=\"pgc-351-10-1\"  class=\"panel-grid-cell\" ><div id=\"panel-351-10-1-0\" class=\"so-panel widget widget_text panel-first-child panel-last-child\" data-index=\"19\" >\t\t\t<div class=\"textwidget\"><p><a href=\"https:\/\/www.granulati.it\/wp-content\/uploads\/2013\/11\/lastra-in-ardesia.jpg\"><img class=\"colorbox-351\"  src=\"https:\/\/www.granulati.it\/wp-content\/uploads\/2013\/11\/lastra-in-ardesia.jpg\" \/><\/a><\/p>\n<h5 style=\"font-size: 15px; color: #006785;\">ARDESIA GRIGIA<\/h5>\n<hr \/>\n<p>30 x 60 x H 1 cm calibrato<\/p>\n<\/div>\n\t\t<\/div><\/div><div id=\"pgc-351-10-2\"  class=\"panel-grid-cell panel-grid-cell-mobile-last\" ><div id=\"panel-351-10-2-0\" class=\"so-panel widget widget_text panel-first-child panel-last-child\" data-index=\"20\" >\t\t\t<div class=\"textwidget\"><p><a href=\"https:\/\/www.granulati.it\/wp-content\/uploads\/2013\/11\/lastre-ardesia.jpg\"><img class=\"colorbox-351\"  src=\"https:\/\/www.granulati.it\/wp-content\/uploads\/2013\/11\/lastre-ardesia.jpg\" \/><\/a><\/p>\n<h5 style=\"font-size: 15px; color: #006785;\">ARDESIA MULTICOLOR<\/h5>\n<hr \/>\n<p>30 x 60 x H 1 cm calibrato<\/p>\n<\/div>\n\t\t<\/div><\/div><div id=\"pgc-351-10-3\"  class=\"panel-grid-cell panel-grid-cell-empty\" ><\/div><\/div><div id=\"pg-351-11\"  class=\"panel-grid panel-has-style\" ><div class=\"panel-row-style panel-row-style-for-351-11\" ><div id=\"pgc-351-11-0\"  class=\"panel-grid-cell\" ><div id=\"panel-351-11-0-0\" class=\"so-panel widget widget_text panel-first-child panel-last-child\" data-index=\"21\" ><div class=\"panel-widget-style panel-widget-style-for-351-11-0-0\" >\t\t\t<div class=\"textwidget\"><h1 style=\"font-size: 25px; color: #006785;\"><strong>Lastre in travertino \u2013 finitura anticata<\/strong><br \/>\nCOSTE SEGATE<\/p>\n<\/h1>\n<\/div>\n\t\t<\/div><\/div><\/div><\/div><\/div><div id=\"pg-351-12\"  class=\"panel-grid panel-no-style\" ><div id=\"pgc-351-12-0\"  class=\"panel-grid-cell\" ><div id=\"panel-351-12-0-0\" class=\"so-panel widget widget_text panel-first-child panel-last-child\" data-index=\"22\" >\t\t\t<div class=\"textwidget\"><p><a href=\"https:\/\/www.granulati.it\/wp-content\/uploads\/2013\/11\/lastre-in-travertino.jpg\"><img class=\"colorbox-351\"  src=\"https:\/\/www.granulati.it\/wp-content\/uploads\/2013\/11\/lastre-in-travertino.jpg\" \/><\/a><\/p>\n<h5 style=\"font-size: 15px; color: #006785;\">TRAVERTINO CLASSICO<\/h5>\n<hr \/>\n<p>30 x 30 x H 3 cm calibrato<br \/>\n60 x 60 x H 3 cm calibrato<\/p>\n<\/div>\n\t\t<\/div><\/div><div id=\"pgc-351-12-1\"  class=\"panel-grid-cell\" ><div id=\"panel-351-12-1-0\" class=\"so-panel widget widget_text panel-first-child panel-last-child\" data-index=\"23\" >\t\t\t<div class=\"textwidget\"><p><a href=\"https:\/\/www.granulati.it\/wp-content\/uploads\/2013\/11\/lastre-in-travertino-giallo.jpg\"><img class=\"colorbox-351\"  src=\"https:\/\/www.granulati.it\/wp-content\/uploads\/2013\/11\/lastre-in-travertino-giallo.jpg\" \/><\/a><\/p>\n<h5 style=\"font-size: 15px; color: #006785;\">TRAVERTINO GIALLO<\/h5>\n<hr \/>\n<p>30 x 30 x H 3 cm calibrato<br \/>\n30 x 60 x H 3 cm calibrato<br \/>\n60 x 60 x H 3 cm calibrato<\/p>\n<\/div>\n\t\t<\/div><\/div><div id=\"pgc-351-12-2\"  class=\"panel-grid-cell\" ><div id=\"panel-351-12-2-0\" class=\"so-panel widget widget_text panel-first-child panel-last-child\" data-index=\"24\" >\t\t\t<div class=\"textwidget\"><p><a href=\"https:\/\/www.granulati.it\/wp-content\/uploads\/2013\/11\/lastre-in-travertino-rosa.jpg\"><img class=\"colorbox-351\"  src=\"https:\/\/www.granulati.it\/wp-content\/uploads\/2013\/11\/lastre-in-travertino-rosa.jpg\" \/><\/a><\/p>\n<h5 style=\"font-size: 15px; color: #006785;\">TRAVERTINO ROSA<\/h5>\n<hr \/>\n<p>30 x 30 x H 3 cm calibrato<br \/>\n30 x 60 x H 3 cm calibrato<br \/>\n60 x 60 x H 3 cm calibrato<\/p>\n<\/div>\n\t\t<\/div><\/div><div id=\"pgc-351-12-3\"  class=\"panel-grid-cell\" ><div id=\"panel-351-12-3-0\" class=\"so-panel widget widget_text panel-first-child panel-last-child\" data-index=\"25\" >\t\t\t<div class=\"textwidget\"><p><a href=\"https:\/\/www.granulati.it\/wp-content\/uploads\/2013\/11\/lastre-in-travertino-argento.jpg\"><img class=\"colorbox-351\"  src=\"https:\/\/www.granulati.it\/wp-content\/uploads\/2013\/11\/lastre-in-travertino-argento.jpg\" \/><\/a><\/p>\n<h5 style=\"font-size: 15px; color: #006785;\">TRAVERTINO SILVER<\/h5>\n<hr \/>\n<p>30 x 30 x H 3 cm calibrato<br \/>\n30 x 60 x H 3 cm calibrato<br \/>\n60 x 60 x H 3 cm calibrato<\/p>\n<\/div>\n\t\t<\/div><\/div><\/div><div id=\"pg-351-13\"  class=\"panel-grid panel-has-style\" ><div class=\"panel-row-style panel-row-style-for-351-13\" ><div id=\"pgc-351-13-0\"  class=\"panel-grid-cell\" ><div id=\"panel-351-13-0-0\" class=\"so-panel widget widget_text panel-first-child panel-last-child\" data-index=\"26\" ><div class=\"panel-widget-style panel-widget-style-for-351-13-0-0\" >\t\t\t<div class=\"textwidget\"><h1 style=\"font-size: 25px; color: #006785;\"><strong>Lastre in calcare<\/strong><\/p>\n<\/h1>\n<\/div>\n\t\t<\/div><\/div><\/div><\/div><\/div><div id=\"pg-351-14\"  class=\"panel-grid panel-no-style\" ><div id=\"pgc-351-14-0\"  class=\"panel-grid-cell\" ><div id=\"panel-351-14-0-0\" class=\"so-panel widget widget_text panel-first-child\" data-index=\"27\" ><div class=\"panel-widget-style panel-widget-style-for-351-14-0-0\" >\t\t\t<div class=\"textwidget\"><h1 style=\"font-size: 25px; color: #006785;\">FINITURA SPACCO NATURALE<\/p>\n<\/h1>\n<\/div>\n\t\t<\/div><\/div><div id=\"panel-351-14-0-1\" class=\"so-panel widget widget_text panel-last-child\" data-index=\"28\" >\t\t\t<div class=\"textwidget\"><p><a href=\"https:\/\/www.granulati.it\/wp-content\/uploads\/2013\/11\/lastre-in-calcare-spacco-naturale.jpg\"><img class=\"colorbox-351\"  src=\"https:\/\/www.granulati.it\/wp-content\/uploads\/2013\/11\/lastre-in-calcare-spacco-naturale.jpg\" \/><\/a><\/p>\n<h5 style=\"font-size: 15px; color: #006785;\">LESSINIA<\/h5>\n<hr \/>\n<p>50 x 50 x H (7-8) cm<br \/>\n50 x 100 x H (7-8) cm<\/p>\n<p>spacco naturale<\/p>\n<\/div>\n\t\t<\/div><\/div><div id=\"pgc-351-14-1\"  class=\"panel-grid-cell\" ><div id=\"panel-351-14-1-0\" class=\"so-panel widget widget_text panel-first-child\" data-index=\"29\" ><div class=\"panel-widget-style panel-widget-style-for-351-14-1-0\" >\t\t\t<div class=\"textwidget\"><h1 style=\"font-size: 25px; color: #006785;\">FINITURA GRAFFIATA RIGATA<\/p>\n<\/h1>\n<\/div>\n\t\t<\/div><\/div><div id=\"panel-351-14-1-1\" class=\"so-panel widget widget_text panel-last-child\" data-index=\"30\" >\t\t\t<div class=\"textwidget\"><p><a href=\"https:\/\/www.granulati.it\/wp-content\/uploads\/2013\/11\/lastre-in-calcare-graffiate.jpg\"><img class=\"colorbox-351\"  src=\"https:\/\/www.granulati.it\/wp-content\/uploads\/2013\/11\/lastre-in-calcare-graffiate.jpg\" \/><\/a><\/p>\n<h5 style=\"font-size: 15px; color: #006785;\">LESSINIA<\/h5>\n<hr \/>\n<p>50 x 50 x H 3 cm calibrato<br \/>\n50 x 100 x H 3 cm calibrato<\/p>\n<\/div>\n\t\t<\/div><\/div><div id=\"pgc-351-14-2\"  class=\"panel-grid-cell panel-grid-cell-empty panel-grid-cell-mobile-last\" ><\/div><div id=\"pgc-351-14-3\"  class=\"panel-grid-cell panel-grid-cell-empty\" ><\/div><\/div><div id=\"pg-351-15\"  class=\"panel-grid panel-has-style\" ><div class=\"panel-row-style panel-row-style-for-351-15\" ><div id=\"pgc-351-15-0\"  class=\"panel-grid-cell\" ><div id=\"panel-351-15-0-0\" class=\"so-panel widget widget_text panel-first-child panel-last-child\" data-index=\"31\" ><div class=\"panel-widget-style panel-widget-style-for-351-15-0-0\" >\t\t\t<div class=\"textwidget\"><h1 style=\"font-size: 25px; color: #006785;\"><strong>Lastre in porfido &#8211; finitura fiammata<\/strong><br \/>\nCOSTE SEGATE<\/p>\n<\/h1>\n<\/div>\n\t\t<\/div><\/div><\/div><\/div><\/div><div id=\"pg-351-16\"  class=\"panel-grid panel-no-style\" ><div id=\"pgc-351-16-0\"  class=\"panel-grid-cell\" ><div id=\"panel-351-16-0-0\" class=\"so-panel widget widget_text panel-first-child panel-last-child\" data-index=\"32\" >\t\t\t<div class=\"textwidget\"><p><a href=\"http:\/\/www.granulati.it\/wp-content\/uploads\/2025\/01\/granitobianco-300x175.jpg\"><img class=\"colorbox-351\"  src=\"http:\/\/www.granulati.it\/wp-content\/uploads\/2025\/01\/granitobianco-300x175.jpg\" \/><\/a><\/p>\n<h5 style=\"font-size: 15px; color: #006785;\">GRANITO BIANCO<\/h5>\n<hr \/>\n<p>40 x 40 x H 3 cm calibrato<br \/>\n40 x 60 x H 3 cm calibrato<br \/>\n40 x 80 x H 3 cm calibrato<br \/>\n60 x 60 x H 3 cm calibrato<\/p>\n<\/div>\n\t\t<\/div><\/div><div id=\"pgc-351-16-1\"  class=\"panel-grid-cell\" ><div id=\"panel-351-16-1-0\" class=\"so-panel widget widget_text panel-first-child panel-last-child\" data-index=\"33\" >\t\t\t<div class=\"textwidget\"><p><a href=\"http:\/\/www.granulati.it\/wp-content\/uploads\/2025\/01\/granitodiorite-300x175.jpg\"><img loading=\"lazy\" class=\"alignnone size-medium wp-image-79516 colorbox-351\" src=\"http:\/\/www.granulati.it\/wp-content\/uploads\/2025\/01\/granitodiorite-300x175.jpg\" alt=\"\" width=\"300\" height=\"175\" srcset=\"https:\/\/www.granulati.it\/wp-content\/uploads\/2025\/01\/granitodiorite-300x175.jpg 300w, https:\/\/www.granulati.it\/wp-content\/uploads\/2025\/01\/granitodiorite-1024x596.jpg 1024w, https:\/\/www.granulati.it\/wp-content\/uploads\/2025\/01\/granitodiorite-86x50.jpg 86w, https:\/\/www.granulati.it\/wp-content\/uploads\/2025\/01\/granitodiorite-768x447.jpg 768w, https:\/\/www.granulati.it\/wp-content\/uploads\/2025\/01\/granitodiorite.jpg 1127w\" sizes=\"(max-width: 300px) 100vw, 300px\" \/><\/a><\/p>\n<h5 style=\"font-size: 15px; color: #006785;\">GRANITO DIORITE<\/h5>\n<hr \/>\n<p>40 x 60 x H 3 cm calibrato<\/p>\n<\/div>\n\t\t<\/div><\/div><div id=\"pgc-351-16-2\"  class=\"panel-grid-cell panel-grid-cell-mobile-last\" ><div id=\"panel-351-16-2-0\" class=\"so-panel widget widget_text panel-first-child panel-last-child\" data-index=\"34\" >\t\t\t<div class=\"textwidget\"><p><a href=\"https:\/\/www.granulati.it\/wp-content\/uploads\/2013\/11\/lastre-in-porfido-rosso.jpg\"><img class=\"colorbox-351\"  src=\"https:\/\/www.granulati.it\/wp-content\/uploads\/2013\/11\/lastre-in-porfido-rosso.jpg\" \/><\/a><\/p>\n<h5 style=\"font-size: 15px; color: #006785;\">PORFIDO ROSSO<\/h5>\n<hr \/>\n<p>30 x 60 x H 2 cm calibrato<\/p>\n<\/div>\n\t\t<\/div><\/div><div id=\"pgc-351-16-3\"  class=\"panel-grid-cell panel-grid-cell-empty\" ><\/div><\/div><div id=\"pg-351-17\"  class=\"panel-grid panel-has-style\" ><div class=\"panel-row-style panel-row-style-for-351-17\" ><div id=\"pgc-351-17-0\"  class=\"panel-grid-cell\" ><div id=\"panel-351-17-0-0\" class=\"so-panel widget widget_text panel-first-child panel-last-child\" data-index=\"35\" ><div class=\"panel-widget-style panel-widget-style-for-351-17-0-0\" >\t\t\t<div class=\"textwidget\"><h1 style=\"font-size: 25px; color: #006785;\"><strong>Lastre in quarzite &#8211; finitura naturale<\/strong><br \/>\nCOSTE SEGATE<\/p>\n<\/h1>\n<\/div>\n\t\t<\/div><\/div><\/div><\/div><\/div><div id=\"pg-351-18\"  class=\"panel-grid panel-no-style\" ><div id=\"pgc-351-18-0\"  class=\"panel-grid-cell\" ><div id=\"panel-351-18-0-0\" class=\"so-panel widget widget_text panel-first-child panel-last-child\" data-index=\"36\" >\t\t\t<div class=\"textwidget\"><p><a href=\"https:\/\/www.granulati.it\/wp-content\/uploads\/2013\/11\/lastre-in-quarzite.jpg\"><img class=\"colorbox-351\"  src=\"https:\/\/www.granulati.it\/wp-content\/uploads\/2013\/11\/lastre-in-quarzite.jpg\" \/><\/a><\/p>\n<h5 style=\"font-size: 15px; color: #006785;\">QUARZITE ARGENTO<\/h5>\n<hr \/>\n<p>20 x (free length) x H (1,5-2,5) cm<\/p>\n<\/div>\n\t\t<\/div><\/div><div id=\"pgc-351-18-1\"  class=\"panel-grid-cell\" ><div id=\"panel-351-18-1-0\" class=\"so-panel widget widget_text panel-first-child panel-last-child\" data-index=\"37\" >\t\t\t<div class=\"textwidget\"><p><a href=\"https:\/\/www.granulati.it\/wp-content\/uploads\/2013\/11\/lastra-in-quarzite.jpg\"><img class=\"colorbox-351\"  src=\"https:\/\/www.granulati.it\/wp-content\/uploads\/2013\/11\/lastra-in-quarzite.jpg\" \/><\/a><\/p>\n<h5 style=\"font-size: 15px; color: #006785;\">QUARZITE ORIENTALE GRIGIA<\/h5>\n<hr \/>\n<p>30 x 60 x H (1,8-2,2) cm<\/p>\n<\/div>\n\t\t<\/div><\/div><div id=\"pgc-351-18-2\"  class=\"panel-grid-cell panel-grid-cell-mobile-last\" ><div id=\"panel-351-18-2-0\" class=\"so-panel widget widget_text panel-first-child panel-last-child\" data-index=\"38\" >\t\t\t<div class=\"textwidget\"><p><a href=\"http:\/\/www.granulati.it\/wp-content\/uploads\/2026\/03\/gneiss.jpg\"><img class=\"colorbox-351\"  src=\"http:\/\/www.granulati.it\/wp-content\/uploads\/2026\/03\/gneiss.jpg\" \/><\/a><\/p>\n<h5 style=\"font-size: 15px; color: #006785;\">GNEISS DORATO<\/h5>\n<hr \/>\n<p>50 x (free length) x H 3 cm<\/p>\n<\/div>\n\t\t<\/div><\/div><div id=\"pgc-351-18-3\"  class=\"panel-grid-cell panel-grid-cell-empty\" ><\/div><\/div><div id=\"pg-351-19\"  class=\"panel-grid panel-no-style\" ><div id=\"pgc-351-19-0\"  class=\"panel-grid-cell\" ><div id=\"panel-351-19-0-0\" class=\"so-panel widget widget_text panel-first-child panel-last-child\" data-index=\"39\" >\t\t\t<div class=\"textwidget\"><p><a href=\"https:\/\/www.granulati.it\/wp-content\/uploads\/2013\/11\/lastre-luserna.jpg\"><img class=\"colorbox-351\"  src=\"https:\/\/www.granulati.it\/wp-content\/uploads\/2013\/11\/lastre-luserna.jpg\" \/><\/a><\/p>\n<h5 style=\"font-size: 15px; color: #006785;\">LUSERNA<\/h5>\n<hr \/>\n<p>20 x (free legth) x H (2-4) cm<br \/>\n50 x (free legth) x H (2,5-4) cm &#8211; COSTE TRANCIATE<\/p>\n<\/div>\n\t\t<\/div><\/div><div id=\"pgc-351-19-1\"  class=\"panel-grid-cell\" ><div id=\"panel-351-19-1-0\" class=\"so-panel widget widget_text panel-first-child panel-last-child\" data-index=\"40\" >\t\t\t<div class=\"textwidget\"><p><a href=\"https:\/\/www.granulati.it\/wp-content\/uploads\/2013\/11\/lastre-in-arenaria-granulati.jpg\"><img loading=\"lazy\" class=\"alignnone size-medium wp-image-60600 colorbox-351\" src=\"http:\/\/www.granulati.it\/wp-content\/uploads\/2020\/07\/Silver-Grey-3-quarti-0032-300x175.jpg\" alt=\"\" width=\"300\" height=\"175\" srcset=\"https:\/\/www.granulati.it\/wp-content\/uploads\/2020\/07\/Silver-Grey-3-quarti-0032-300x175.jpg 300w, https:\/\/www.granulati.it\/wp-content\/uploads\/2020\/07\/Silver-Grey-3-quarti-0032-1024x596.jpg 1024w, https:\/\/www.granulati.it\/wp-content\/uploads\/2020\/07\/Silver-Grey-3-quarti-0032-86x50.jpg 86w, https:\/\/www.granulati.it\/wp-content\/uploads\/2020\/07\/Silver-Grey-3-quarti-0032-768x447.jpg 768w, https:\/\/www.granulati.it\/wp-content\/uploads\/2020\/07\/Silver-Grey-3-quarti-0032.jpg 1235w\" sizes=\"(max-width: 300px) 100vw, 300px\" \/><\/a><\/p>\n<h5 style=\"font-size: 15px; color: #006785;\">SILVER GREY<\/h5>\n<hr \/>\n<p>40 x 60 x H 1,2 cm calibrato<\/p>\n<\/div>\n\t\t<\/div><\/div><div id=\"pgc-351-19-2\"  class=\"panel-grid-cell panel-grid-cell-empty panel-grid-cell-mobile-last\" ><\/div><div id=\"pgc-351-19-3\"  class=\"panel-grid-cell panel-grid-cell-empty\" ><\/div><\/div><\/div>","protected":false},"excerpt":{"rendered":"<p>LASTRE IN PIETRA Una linea completa di lastre in pietra, personalizzabili secondo i gusti e le esigenze del cliente. La pietra infatti \u00e8 un materiale dalle mille qualit\u00e0: \u00e8 un prodotto incorruttibile dal tempo e dagli agenti atmosferici, inattaccabile da acidi, basi e solventi, resistente all&#8217;urto e all&#8217;abrasione, non geliva e insensibile all&#8217;azione dei raggi UV. Le nostre lastre in pietra, realizzate con aggregati lapidei di varia natura come il calcare, il travertino, il quarzo, il granito, il porfido ed il marmo, offrono infinite possibilit\u00e0 di composizioni cromatiche ed estetiche, adattandosi alla perfezione a tutte le soluzioni progettuali, anche quelle pi\u00f9 sofisticate. I prodotti sono disponibili in diversi formati, ideali per le diverse destinazioni d\u2019uso. La finitura superficiale delle nostre lastre di pietra \u00e8 anch&#8217;essa variabile. Lastre in arenaria &#8211; finitura naturale COSTE TRANCIATE<\/p>\n","protected":false},"author":1,"featured_media":39312,"parent":280,"menu_order":5,"comment_status":"open","ping_status":"closed","template":"page-prodotto-pavimentazioni.php","meta":{"_links_to":"","_links_to_target":""},"aioseo_notices":[],"_links":{"self":[{"href":"https:\/\/www.granulati.it\/it\/wp-json\/wp\/v2\/pages\/351"}],"collection":[{"href":"https:\/\/www.granulati.it\/it\/wp-json\/wp\/v2\/pages"}],"about":[{"href":"https:\/\/www.granulati.it\/it\/wp-json\/wp\/v2\/types\/page"}],"author":[{"embeddable":true,"href":"https:\/\/www.granulati.it\/it\/wp-json\/wp\/v2\/users\/1"}],"replies":[{"embeddable":true,"href":"https:\/\/www.granulati.it\/it\/wp-json\/wp\/v2\/comments?post=351"}],"version-history":[{"count":109,"href":"https:\/\/www.granulati.it\/it\/wp-json\/wp\/v2\/pages\/351\/revisions"}],"predecessor-version":[{"id":84430,"href":"https:\/\/www.granulati.it\/it\/wp-json\/wp\/v2\/pages\/351\/revisions\/84430"}],"up":[{"embeddable":true,"href":"https:\/\/www.granulati.it\/it\/wp-json\/wp\/v2\/pages\/280"}],"wp:featuredmedia":[{"embeddable":true,"href":"https:\/\/www.granulati.it\/it\/wp-json\/wp\/v2\/media\/39312"}],"wp:attachment":[{"href":"https:\/\/www.granulati.it\/it\/wp-json\/wp\/v2\/media?parent=351"}],"curies":[{"name":"wp","href":"https:\/\/api.w.org\/{rel}","templated":true}]}}