{"id":80179,"date":"2025-06-20T11:08:07","date_gmt":"2025-06-20T09:08:07","guid":{"rendered":"https:\/\/www.granulati.it\/it\/?page_id=80179"},"modified":"2025-06-20T13:25:03","modified_gmt":"2025-06-20T11:25:03","slug":"accademia_carrara","status":"publish","type":"page","link":"https:\/\/www.granulati.it\/fr\/impegno-sociale\/musee_accademia_carrara\/","title":{"rendered":"Mus\u00e9e Accademia Carrara"},"content":{"rendered":"<div id=\"pl-80179\"  class=\"panel-layout\" ><div id=\"pg-80179-0\"  class=\"panel-grid panel-no-style\" ><div id=\"pgc-80179-0-0\"  class=\"panel-grid-cell\" ><div id=\"panel-80179-0-0-0\" class=\"so-panel widget widget_text panel-first-child\" data-index=\"0\" >\t\t\t<div class=\"textwidget\"><div style=\"background-color: #006785; height: 50px;\">\n<h1 style=\"padding-top: 10px;\"><span style=\"color: white;\">mus\u00e9e Accademia Carrara<\/span><\/h1>\n<\/div>\n<\/div>\n\t\t<\/div><div id=\"panel-80179-0-0-1\" class=\"so-panel widget widget_text panel-last-child\" data-index=\"1\" >\t\t\t<div class=\"textwidget\"><p><img loading=\"lazy\" class=\"aligncenter wp-image-78538 colorbox-80179\" src=\"http:\/\/www.granulati.it\/wp-content\/uploads\/2025\/06\/cover-accademia-carrara.jpg\" alt=\"mus\u00e9e Accademia Carrara\" width=\"1920\" height=\"744\" data-wp-editing=\"1\" \/><\/p>\n<\/div>\n\t\t<\/div><\/div><\/div><div id=\"pg-80179-1\"  class=\"panel-grid panel-no-style\" ><div id=\"pgc-80179-1-0\"  class=\"panel-grid-cell\" ><div id=\"panel-80179-1-0-0\" class=\"so-panel widget widget_text panel-first-child panel-last-child\" data-index=\"2\" >\t\t\t<div class=\"textwidget\"><h2>De la pierre \u00e0 l\u2019art : un voyage immersif \u00e0 travers le temps<\/h2>\n<p style=\"font-size: 14px; font-family: Raleway;\">Au c\u0153ur d&#8217;une installation immersive, l&#8217;artiste Stefano Arienti transforme des \u00e9l\u00e9ments simples en une exp\u00e9rience visuelle forte. Dans G\u00e9n\u00e9alogie (partie une), le <b>rev\u00eatement en galets naturels noirs et blancs<\/b> guide les visiteurs dans un espace \u00e9voquant une cavit\u00e9 primitive. Le motif irr\u00e9gulier de la <b>dalle en gr\u00e8s c\u00e9rame effet mosa\u00efque<\/b> s\u2019\u00e9tend sur le sol tel un r\u00e9cit fluide, o\u00f9 surgissent des formes fossiles anciennes : une Dickinsonia, deux ammonites et un crino\u00efde.<\/p>\n<p>Le rev\u00eatement devient une m\u00e9taphore du temps et de l&#8217;\u00e9volution biologique, menant le visiteur \u00e0 travers les \u00e2ges et les civilisations. L\u2019installation se fond avec les collections du mus\u00e9e et l&#8217;\u00e9nergie cr\u00e9ative de l\u2019homme, inspir\u00e9e par la nature. Cette installation artistique n&#8217;est pas une simple surface praticable, c\u2019est une <b>dalle en gr\u00e8s c\u00e9rame<\/b> qui raconte une g\u00e9n\u00e9alogie entre vie et art, pass\u00e9 et pr\u00e9sent.<\/p>\n<\/div>\n\t\t<\/div><\/div><\/div><div id=\"pg-80179-2\"  class=\"panel-grid panel-no-style\" ><div id=\"pgc-80179-2-0\"  class=\"panel-grid-cell\" ><div id=\"panel-80179-2-0-0\" class=\"so-panel widget widget_text panel-first-child panel-last-child\" data-index=\"3\" >\t\t\t<div class=\"textwidget\"><p><img loading=\"lazy\" class=\"aligncenter wp-image-78538 colorbox-80179\" src=\"http:\/\/www.granulati.it\/wp-content\/uploads\/2025\/06\/museo-carrara-3.jpg\" alt=\"mus\u00e9e Accademia Carrara\" width=\"1920\" height=\"744\" data-wp-editing=\"1\" \/><\/p>\n<\/div>\n\t\t<\/div><\/div><div id=\"pgc-80179-2-1\"  class=\"panel-grid-cell\" ><div id=\"panel-80179-2-1-0\" class=\"so-panel widget widget_text panel-first-child panel-last-child\" data-index=\"4\" >\t\t\t<div class=\"textwidget\"><p><img loading=\"lazy\" class=\"aligncenter wp-image-78538 colorbox-80179\" src=\"http:\/\/www.granulati.it\/wp-content\/uploads\/2025\/06\/museo-carrara-4.jpg\" alt=\"mus\u00e9e Accademia Carrara\" width=\"1920\" height=\"744\" data-wp-editing=\"1\" \/><\/p>\n<\/div>\n\t\t<\/div><\/div><div id=\"pgc-80179-2-2\"  class=\"panel-grid-cell\" ><div id=\"panel-80179-2-2-0\" class=\"so-panel widget widget_text panel-first-child panel-last-child\" data-index=\"5\" >\t\t\t<div class=\"textwidget\"><p><img loading=\"lazy\" class=\"aligncenter wp-image-78538 colorbox-80179\" src=\"http:\/\/www.granulati.it\/wp-content\/uploads\/2025\/06\/museo-carrara-5.jpg\" alt=\"mus\u00e9e Accademia Carrara\" width=\"1920\" height=\"744\" data-wp-editing=\"1\" \/><\/p>\n<\/div>\n\t\t<\/div><\/div><\/div><div id=\"pg-80179-3\"  class=\"panel-grid panel-no-style\" ><div id=\"pgc-80179-3-0\"  class=\"panel-grid-cell\" ><div id=\"panel-80179-3-0-0\" class=\"so-panel widget widget_text panel-first-child panel-last-child\" data-index=\"6\" >\t\t\t<div class=\"textwidget\"><p><img loading=\"lazy\" class=\"aligncenter wp-image-78538 colorbox-80179\" src=\"http:\/\/www.granulati.it\/wp-content\/uploads\/2025\/06\/museo-carrara-2.jpg\" alt=\"mus\u00e9e Accademia Carrara\" width=\"1920\" height=\"744\" data-wp-editing=\"1\" \/><\/p>\n<\/div>\n\t\t<\/div><\/div><div id=\"pgc-80179-3-1\"  class=\"panel-grid-cell\" ><div id=\"panel-80179-3-1-0\" class=\"so-panel widget widget_text panel-first-child panel-last-child\" data-index=\"7\" >\t\t\t<div class=\"textwidget\"><p><img loading=\"lazy\" class=\"aligncenter wp-image-78538 colorbox-80179\" src=\"http:\/\/www.granulati.it\/wp-content\/uploads\/2025\/06\/museo-carrara-1.jpg\" alt=\"mus\u00e9e Accademia Carrara\" width=\"1920\" height=\"744\" data-wp-editing=\"1\" \/><\/p>\n<\/div>\n\t\t<\/div><\/div><\/div><\/div>","protected":false},"excerpt":{"rendered":"<p>mus\u00e9e Accademia Carrara De la pierre \u00e0 l\u2019art : un voyage immersif \u00e0 travers le temps Au c\u0153ur d&#8217;une installation immersive, l&#8217;artiste Stefano Arienti transforme des \u00e9l\u00e9ments simples en une exp\u00e9rience visuelle forte. Dans G\u00e9n\u00e9alogie (partie une), le rev\u00eatement en galets naturels noirs et blancs guide les visiteurs dans un espace \u00e9voquant une cavit\u00e9 primitive. Le motif irr\u00e9gulier de la dalle en gr\u00e8s c\u00e9rame effet mosa\u00efque s\u2019\u00e9tend sur le sol tel un r\u00e9cit fluide, o\u00f9 surgissent des formes fossiles anciennes : une Dickinsonia, deux ammonites et un crino\u00efde. Le rev\u00eatement devient une m\u00e9taphore du temps et de l&#8217;\u00e9volution biologique, menant le visiteur \u00e0 travers les \u00e2ges et les civilisations. L\u2019installation se fond avec les collections du mus\u00e9e et l&#8217;\u00e9nergie cr\u00e9ative de l\u2019homme, inspir\u00e9e par la nature. Cette installation artistique n&#8217;est pas une simple surface praticable, c\u2019est une dalle en gr\u00e8s c\u00e9rame qui raconte une g\u00e9n\u00e9alogie entre vie et art, pass\u00e9 et pr\u00e9sent.<\/p>\n","protected":false},"author":6,"featured_media":80173,"parent":62985,"menu_order":2,"comment_status":"closed","ping_status":"closed","template":"page-cat_prodotti.php","meta":{"_links_to":"","_links_to_target":""},"aioseo_notices":[],"_links":{"self":[{"href":"https:\/\/www.granulati.it\/fr\/wp-json\/wp\/v2\/pages\/80179"}],"collection":[{"href":"https:\/\/www.granulati.it\/fr\/wp-json\/wp\/v2\/pages"}],"about":[{"href":"https:\/\/www.granulati.it\/fr\/wp-json\/wp\/v2\/types\/page"}],"author":[{"embeddable":true,"href":"https:\/\/www.granulati.it\/fr\/wp-json\/wp\/v2\/users\/6"}],"replies":[{"embeddable":true,"href":"https:\/\/www.granulati.it\/fr\/wp-json\/wp\/v2\/comments?post=80179"}],"version-history":[{"count":20,"href":"https:\/\/www.granulati.it\/fr\/wp-json\/wp\/v2\/pages\/80179\/revisions"}],"predecessor-version":[{"id":80206,"href":"https:\/\/www.granulati.it\/fr\/wp-json\/wp\/v2\/pages\/80179\/revisions\/80206"}],"up":[{"embeddable":true,"href":"https:\/\/www.granulati.it\/fr\/wp-json\/wp\/v2\/pages\/62985"}],"wp:featuredmedia":[{"embeddable":true,"href":"https:\/\/www.granulati.it\/fr\/wp-json\/wp\/v2\/media\/80173"}],"wp:attachment":[{"href":"https:\/\/www.granulati.it\/fr\/wp-json\/wp\/v2\/media?parent=80179"}],"curies":[{"name":"wp","href":"https:\/\/api.w.org\/{rel}","templated":true}]}}